{"version":"1.0","provider_name":"Abeille Avocats","provider_url":"https:\/\/abeille.law\/en\/","author_name":"abeille","author_url":"https:\/\/abeille.law\/en\/author\/abeille\/","title":"Le zonage du dispositif Pinel a \u00e9t\u00e9 revu par les pouvoirs publics | Abeille Avocats","type":"rich","width":600,"height":338,"html":"<blockquote class=\"wp-embedded-content\" data-secret=\"Z3qHf4oaay\"><a href=\"https:\/\/abeille.law\/en\/dispositif-pinel-zonage-revue\/\">Le zonage du dispositif Pinel a \u00e9t\u00e9 revu par les pouvoirs publics<\/a><\/blockquote><iframe sandbox=\"allow-scripts\" security=\"restricted\" src=\"https:\/\/abeille.law\/en\/dispositif-pinel-zonage-revue\/embed\/#?secret=Z3qHf4oaay\" width=\"600\" height=\"338\" title=\"&#8220;Le zonage du dispositif Pinel a \u00e9t\u00e9 revu par les pouvoirs publics&#8221; &#8212; Abeille Avocats\" data-secret=\"Z3qHf4oaay\" frameborder=\"0\" marginwidth=\"0\" marginheight=\"0\" scrolling=\"no\" class=\"wp-embedded-content\"><\/iframe><script>\n\/*! This file is auto-generated *\/\n!function(d,l){\"use strict\";l.querySelector&&d.addEventListener&&\"undefined\"!=typeof URL&&(d.wp=d.wp||{},d.wp.receiveEmbedMessage||(d.wp.receiveEmbedMessage=function(e){var t=e.data;if((t||t.secret||t.message||t.value)&&!\/[^a-zA-Z0-9]\/.test(t.secret)){for(var s,r,n,a=l.querySelectorAll('iframe[data-secret=\"'+t.secret+'\"]'),o=l.querySelectorAll('blockquote[data-secret=\"'+t.secret+'\"]'),c=new RegExp(\"^https?:$\",\"i\"),i=0;i<o.length;i++)o[i].style.display=\"none\";for(i=0;i<a.length;i++)s=a[i],e.source===s.contentWindow&&(s.removeAttribute(\"style\"),\"height\"===t.message?(1e3<(r=parseInt(t.value,10))?r=1e3:~~r<200&&(r=200),s.height=r):\"link\"===t.message&&(r=new URL(s.getAttribute(\"src\")),n=new URL(t.value),c.test(n.protocol))&&n.host===r.host&&l.activeElement===s&&(d.top.location.href=t.value))}},d.addEventListener(\"message\",d.wp.receiveEmbedMessage,!1),l.addEventListener(\"DOMContentLoaded\",function(){for(var e,t,s=l.querySelectorAll(\"iframe.wp-embedded-content\"),r=0;r<s.length;r++)(t=(e=s[r]).getAttribute(\"data-secret\"))||(t=Math.random().toString(36).substring(2,12),e.src+=\"#?secret=\"+t,e.setAttribute(\"data-secret\",t)),e.contentWindow.postMessage({message:\"ready\",secret:t},\"*\")},!1)))}(window,document);\n\/\/# sourceURL=https:\/\/abeille.law\/wp-includes\/js\/wp-embed.min.js\n<\/script>\n","description":"Les villes d\u2019Angers et de Poitiers deviennent \u00e9ligibles au dispositif Pinel. Le dispositif \u00ab\u00a0Pinel\u00a0\u00bb permet aux particuliers qui acqui\u00e8rent ou qui font construire, jusqu\u2019au 31 d\u00e9cembre 2021, des logements neufs ou assimil\u00e9s afin de les louer de b\u00e9n\u00e9ficier, sous certaines conditions, d\u2019une r\u00e9duction d\u2019imp\u00f4t sur le revenu. Le taux de cette r\u00e9duction, calcul\u00e9e sur le [&hellip;]"}