{"version":"1.0","provider_name":"Abeille Avocats","provider_url":"https:\/\/abeille.law\/en\/","author_name":"abeille","author_url":"https:\/\/abeille.law\/en\/author\/abeille\/","title":"Comment s\u2019applique l\u2019abattement pour d\u00e9part \u00e0 la retraite d\u2019un professionnel lib\u00e9ral ? | Abeille Avocats","type":"rich","width":600,"height":338,"html":"<blockquote class=\"wp-embedded-content\" data-secret=\"1xh3CRieT9\"><a href=\"https:\/\/abeille.law\/en\/abattement-depart-retraite-profession-liberale\/\">Comment s\u2019applique l\u2019abattement pour d\u00e9part \u00e0 la retraite d\u2019un professionnel lib\u00e9ral ?<\/a><\/blockquote><iframe sandbox=\"allow-scripts\" security=\"restricted\" src=\"https:\/\/abeille.law\/en\/abattement-depart-retraite-profession-liberale\/embed\/#?secret=1xh3CRieT9\" width=\"600\" height=\"338\" title=\"&#8220;Comment s\u2019applique l\u2019abattement pour d\u00e9part \u00e0 la retraite d\u2019un professionnel lib\u00e9ral ?&#8221; &#8212; Abeille Avocats\" data-secret=\"1xh3CRieT9\" frameborder=\"0\" marginwidth=\"0\" marginheight=\"0\" scrolling=\"no\" class=\"wp-embedded-content\"><\/iframe><script>\n\/*! This file is auto-generated *\/\n!function(d,l){\"use strict\";l.querySelector&&d.addEventListener&&\"undefined\"!=typeof URL&&(d.wp=d.wp||{},d.wp.receiveEmbedMessage||(d.wp.receiveEmbedMessage=function(e){var t=e.data;if((t||t.secret||t.message||t.value)&&!\/[^a-zA-Z0-9]\/.test(t.secret)){for(var s,r,n,a=l.querySelectorAll('iframe[data-secret=\"'+t.secret+'\"]'),o=l.querySelectorAll('blockquote[data-secret=\"'+t.secret+'\"]'),c=new RegExp(\"^https?:$\",\"i\"),i=0;i<o.length;i++)o[i].style.display=\"none\";for(i=0;i<a.length;i++)s=a[i],e.source===s.contentWindow&&(s.removeAttribute(\"style\"),\"height\"===t.message?(1e3<(r=parseInt(t.value,10))?r=1e3:~~r<200&&(r=200),s.height=r):\"link\"===t.message&&(r=new URL(s.getAttribute(\"src\")),n=new URL(t.value),c.test(n.protocol))&&n.host===r.host&&l.activeElement===s&&(d.top.location.href=t.value))}},d.addEventListener(\"message\",d.wp.receiveEmbedMessage,!1),l.addEventListener(\"DOMContentLoaded\",function(){for(var e,t,s=l.querySelectorAll(\"iframe.wp-embedded-content\"),r=0;r<s.length;r++)(t=(e=s[r]).getAttribute(\"data-secret\"))||(t=Math.random().toString(36).substring(2,12),e.src+=\"#?secret=\"+t,e.setAttribute(\"data-secret\",t)),e.contentWindow.postMessage({message:\"ready\",secret:t},\"*\")},!1)))}(window,document);\n\/\/# sourceURL=https:\/\/abeille.law\/wp-includes\/js\/wp-embed.min.js\n<\/script>\n","description":"L\u2019associ\u00e9 d\u2019une soci\u00e9t\u00e9 d\u2019exercice lib\u00e9ral ne peut b\u00e9n\u00e9ficier de l\u2019abattement de 500\u00a0000\u00a0\u20ac pour d\u00e9part \u00e0 la retraite que s\u2019il y exer\u00e7ait une fonction de direction depuis au moins 5\u00a0ans. L\u2019associ\u00e9 d\u2019une soci\u00e9t\u00e9 d\u2019exercice lib\u00e9ral (Sel) qui c\u00e8de ses parts \u00e0 l\u2019occasion de son d\u00e9part en retraite peut, \u00e0 certaines conditions, r\u00e9duire le montant de la [&hellip;]"}